{"id":7,"date":"2013-10-31T23:35:53","date_gmt":"2013-10-31T21:35:53","guid":{"rendered":"http:\/\/www.artgerecht-tierschutz.com\/?page_id=7"},"modified":"2024-05-10T09:31:44","modified_gmt":"2024-05-10T07:31:44","slug":"impressum","status":"publish","type":"page","link":"https:\/\/www.artgerecht-tierschutz.com\/?page_id=7","title":{"rendered":"Impressum"},"content":{"rendered":"<p>&nbsp;<\/p>\n<p><strong>ARTGERECHT TIERSCHUTZ E.V.<\/strong><br \/>\nAlpenstra\u00dfe 5a<br \/>\n63303 Dreieich<br \/>\nTelefon 06103 9887643<br \/>\n<a title=\"www.artgerecht-tierschutz.com\" href=\"https:\/\/www.artgerecht-tierschutz.com\">www.artgerecht-tierschutz.com<\/a><br \/>\n<a href=\"mailto:info@artgerecht-tierschutz.com\" target=\"_blank\" rel=\"noopener noreferrer\">info@artgerecht-tierschutz.com<\/a><\/p>\n<p><strong>Vorstand<\/strong><\/p>\n<table style=\"height: 10px; text-align: left;\" border=\"0\" width=\"800\">\n<tbody>\n<tr valign=\"top\">\n<td height=\"10\">1. Vorsitzender<br \/>\nUrsin Gunzelmann<\/td>\n<td>&nbsp;<br \/>\n<a href=\"mailto:ursin.gunzelmann@artgerecht-tierschutz.com\" target=\"_blank rel=\" rel=\"noopener\">ursin.gunzelmann@artgerecht-tierschutz.com<\/a><\/td>\n<\/tr>\n<tr valign=\"top\">\n<td height=\"10\">2. Vorsitzende<br \/>\nSonja Stefan<\/td>\n<td>&nbsp;<br \/>\n<a href=\"mailto:sonja.stefan@artgerecht-tierschutz.com\" target=\"_blank rel=\" rel=\"noopener\">sonja.stefan@artgerecht-tierschutz.com<\/a><\/td>\n<\/tr>\n<tr valign=\"top\">\n<td height=\"10\">Kassenwartin<br \/>\nDoris Gebhard<\/td>\n<td>&nbsp;<br \/>\n<a href=\"mailto:doris.gebhard@artgerecht-tierschutz.com\" target=\"_blank rel=\" rel=\"noopener\">doris.gebhard@artgerecht-tierschutz.com<\/a><\/td>\n<\/tr>\n<tr valign=\"top\">\n<td height=\"10\">Beisitzerin<br \/>\nMartina Burgmayer<\/td>\n<td>&nbsp;<br \/>\n<a href=\"mailto:martina.burgmayer@artgerecht-tierschutz.com\" target=\"_blank rel=\" rel=\"noopener\">martina.burgmayer@artgerecht-tierschutz.com<\/a><\/td>\n<\/tr>\n<tr valign=\"top\">\n<!--\n\n\n<td height=\"10\">Beisitzer\nWolfgang Heil<\/td>\n\n\n\n\n<td>&nbsp;\n<a href=\"mailto:wolfgang.heil@artgerecht-tierschutz.com\" target=\"_blank rel=\" rel=\"noopener\">wolfgang.heil@artgerecht-tierschutz.com<\/a><\/td>\n\n\n--><br \/>\n<\/tr>\n<tr valign=\"top\">\n<td height=\"10\">Beisitzerin<br \/>\nConny Mahler<\/td>\n<td>&nbsp;<br \/>\n<a href=\"mailto:conny.mahler@artgerecht-tierschutz.com\" target=\"_blank rel=\" rel=\"noopener\">conny.mahler@artgerecht-tierschutz.com<\/a><\/td>\n<\/tr>\n<tr valign=\"top\">\n<td height=\"10\">Beisitzerin<br \/>\nSandra M\u00fcller<\/td>\n<td>&nbsp;<br \/>\n<a href=\"mailto:sandra.mueller@artgerecht-tierschutz.com\" target=\"_blank rel=\" rel=\"noopener\">sandra.mueller@artgerecht-tierschutz.com<\/a><\/td>\n<\/tr>\n<tr valign=\"top\">\n<td height=\"10\">Beisitzerin<br \/>\nMaria Runzer<\/td>\n<td>&nbsp;<br \/>\n<a href=\"mailto:maria.runzer@artgerecht-tierschutz.com\" target=\"_blank rel=\" rel=\"noopener\">maria.runzer@artgerecht-tierschutz.com<\/a><\/td>\n<\/tr>\n<tr valign=\"top\">\n<td height=\"10\">&nbsp;<\/td>\n<td>&nbsp;<\/td>\n<\/tr>\n<\/tbody>\n<\/table>\n<p><!--\n1. Vorsitzende\nUrsula Heil\n<a href=\"mailto:uschi.heil@artgerecht-tierschutz.com\" target=\"_blank rel=\"noopener noreferrer\"\">uschi.heil@artgerecht-tierschutz.com<\/a>\n2. Vorsitzende\nKatrin Rose\n<a href=\"mailto:katrin.rose@artgerecht-tierschutz.com\" target=\"_blank rel=\"noopener noreferrer\"\">katrin.rose@artgerecht-tierschutz.com<\/a>\nKassenwartin\nMaria Runzer\n<a href=\"mailto:maria.runzer@artgerecht-tierschutz.com\" target=\"_blank rel=\"noopener noreferrer\"\">maria.runzer@artgerecht-tierschutz.com<\/a>\nBeisitzerin\nMartina Burgmayer\n<a href=\"mailto:martina.burgmayer@artgerecht-tierschutz.com\" target=\"_blank rel=\"noopener noreferrer\"\">martina.burgmayer@artgerecht-tierschutz.com<\/a>\nBeisitzer\nWolfgang Heil\n<a href=\"mailto:wolfgang.heil@artgerecht-tierschutz.com\" target=\"_blank rel=\"noopener noreferrer\"\">wolfgang.heil@artgerecht-tierschutz.com<\/a>\n--><\/p>\n<p><strong>Satzung &nbsp;&nbsp; &nbsp;<\/strong><br \/>\nDie Satzung des Vereins finden Sie hier: <a href=\"https:\/\/www.artgerecht-tierschutz.com\/wp-content\/impressum\/ARTGERECHT_Satzung_des_Vereins.pdf\" target=\"_blank\" rel=\"noopener noreferrer\">Download<\/a><\/p>\n<p><strong>Bankverbindung<\/strong><br \/>\nVolksbank Dreieich<br \/>\nKonto-Nr. 4 802 357<br \/>\nBLZ 505 922 00<\/p>\n<p>IBAN DE34 5059 2200 0004 8023 57<br \/>\nBIC GENODE51DRE<\/p>\n<p><strong>Registergericht<\/strong><br \/>\nAmtsgericht Offenbach, Registernummer: VR 5230<\/p>\n<p><strong>ARTGERECHT TIERSCHUTZ E.V.<\/strong> ist anerkannt als gemeinn\u00fctzig und besonders f\u00f6rderungsw\u00fcrdig.<\/p>\n<p><strong>Copyright<\/strong><br \/>\nDas Kopieren und Ver\u00f6ffentlichen von Fotos und Texten, auch auszugsweise, ist nur mit schriftlicher Genehmigung des Vorstandes erlaubt.<\/p>\n<p><img decoding=\"async\" src=\"https:\/\/www.artgerecht-tierschutz.com\/wp-content\/aktuelles\/next.jpg\" alt=\"\"><\/p>\n<h2>Haftung f\u00fcr Inhalte<\/h2>\n<p>Als Diensteanbieter sind wir gem\u00e4\u00df \u00a7 7 Abs.1 TMG f\u00fcr eigene Inhalte auf diesen Seiten nach den allgemeinen Gesetzen verantwortlich. Nach \u00a7\u00a7 8 bis 10 TMG sind wir als Diensteanbieter jedoch nicht verpflichtet, \u00fcbermittelte oder ge\u00adspei\u00adcher\u00adte fremde Informationen zu \u00fcberwachen oder nach Umst\u00e4nden zu forschen, die auf eine rechtswidrige T\u00e4tigkeit hinweisen.<\/p>\n<p>Verpflichtungen zur Entfernung oder Sperrung der Nutzung von Informationen nach den allgemeinen Gesetzen bleiben hier\u00advon unber\u00fchrt. Eine diesbez\u00fcgliche Haftung ist jedoch erst ab dem Zeitpunkt der Kenntnis einer konkreten Rechts\u00adver\u00adletzung m\u00f6glich. Bei Bekanntwerden von entsprechenden Rechts\u00adver\u00adletzungen werden wir diese Inhalte umgehend ent\u00adfernen.<\/p>\n<h2>Haftung f\u00fcr Links<\/h2>\n<p>Unser Angebot enth\u00e4lt Links zu externen Websites Dritter, auf deren Inhalte wir keinen Einfluss haben. Deshalb k\u00f6nnen wir f\u00fcr diese fremden Inhalte auch keine Gew\u00e4hr \u00fcbernehmen. F\u00fcr die Inhalte der verlinkten Seiten ist stets der jeweilige Anbieter oder Betreiber der Seiten verantwortlich. Die verlinkten Seiten wurden zum Zeitpunkt der Verlinkung auf m\u00f6gliche Rechtsverst\u00f6\u00dfe \u00fcberpr\u00fcft. Rechtswidrige Inhalte waren zum Zeitpunkt der Verlinkung nicht erkennbar.<\/p>\n<p>Eine permanente inhaltliche Kontrolle der verlinkten Seiten ist jedoch ohne konkrete Anhaltspunkte einer Rechts\u00adver\u00adletzung nicht zumutbar. Bei Bekanntwerden von Recht\u00adsver\u00adlet\u00adzungen werden wir derartige Links umgehend entfernen.<\/p>\n<h2>Urheberrecht<\/h2>\n<p>Die durch die Seitenbetreiber erstellten Inhalte und Werke auf diesen Seiten unterliegen dem deutschen Urheberrecht. Die Vervielf\u00e4ltigung, Bearbeitung, Verbreitung und jede Art der Verwertung au\u00dferhalb der Grenzen des Urheberrechtes be\u00add\u00fcrfen der schriftlichen Zustimmung des jeweiligen Autors bzw. Erstellers. Downloads und Kopien dieser Seite sind nur f\u00fcr den privaten, nicht kommerziellen Gebrauch gestattet.<\/p>\n<p>Soweit die Inhalte auf dieser Seite nicht vom Betreiber erstellt wurden, werden die Urheberrechte Dritter beachtet. Ins\u00adbe\u00adsondere werden Inhalte Dritter als solche gekennzeichnet. Sollten Sie trotzdem auf eine Urheberrechtsverletzung auf\u00admerk\u00adsam werden, bitten wir um einen entsprechenden Hinweis. Bei Bekanntwerden von Rechtsverletzungen werden wir derartige Inhalte umgehend entfernen.<\/p>\n<p><i>Quellverweis: <a href=\"https:\/\/www.e-recht24.de\">eRecht24<\/a><\/i><\/p>\n","protected":false},"excerpt":{"rendered":"<p>&nbsp; ARTGERECHT TIERSCHUTZ E.V. Alpenstra\u00dfe 5a 63303 Dreieich Telefon 06103 9887643 www.artgerecht-tierschutz.com info@artgerecht-tierschutz.com Vorstand 1. Vorsitzender Ursin Gunzelmann &nbsp; ursin.gunzelmann@artgerecht-tierschutz.com 2. Vorsitzende Sonja Stefan &nbsp; sonja.stefan@artgerecht-tierschutz.com Kassenwartin Doris Gebhard &nbsp; doris.gebhard@artgerecht-tierschutz.com Beisitzerin Martina Burgmayer &nbsp; martina.burgmayer@artgerecht-tierschutz.com Beisitzerin Conny Mahler &nbsp; conny.mahler@artgerecht-tierschutz.com Beisitzerin Sandra M\u00fcller &nbsp; sandra.mueller@artgerecht-tierschutz.com Beisitzerin Maria Runzer &nbsp; maria.runzer@artgerecht-tierschutz.com &nbsp; &nbsp; Satzung &nbsp;&nbsp;&hellip;<\/p>\n","protected":false},"author":1,"featured_media":0,"parent":0,"menu_order":0,"comment_status":"closed","ping_status":"closed","template":"","meta":{"ngg_post_thumbnail":0,"footnotes":""},"class_list":["post-7","page","type-page","status-publish","hentry"],"_links":{"self":[{"href":"https:\/\/www.artgerecht-tierschutz.com\/index.php?rest_route=\/wp\/v2\/pages\/7","targetHints":{"allow":["GET"]}}],"collection":[{"href":"https:\/\/www.artgerecht-tierschutz.com\/index.php?rest_route=\/wp\/v2\/pages"}],"about":[{"href":"https:\/\/www.artgerecht-tierschutz.com\/index.php?rest_route=\/wp\/v2\/types\/page"}],"author":[{"embeddable":true,"href":"https:\/\/www.artgerecht-tierschutz.com\/index.php?rest_route=\/wp\/v2\/users\/1"}],"replies":[{"embeddable":true,"href":"https:\/\/www.artgerecht-tierschutz.com\/index.php?rest_route=%2Fwp%2Fv2%2Fcomments&post=7"}],"version-history":[{"count":29,"href":"https:\/\/www.artgerecht-tierschutz.com\/index.php?rest_route=\/wp\/v2\/pages\/7\/revisions"}],"predecessor-version":[{"id":13193,"href":"https:\/\/www.artgerecht-tierschutz.com\/index.php?rest_route=\/wp\/v2\/pages\/7\/revisions\/13193"}],"wp:attachment":[{"href":"https:\/\/www.artgerecht-tierschutz.com\/index.php?rest_route=%2Fwp%2Fv2%2Fmedia&parent=7"}],"curies":[{"name":"wp","href":"https:\/\/api.w.org\/{rel}","templated":true}]}}